{"id":167,"date":"2013-10-09T07:20:33","date_gmt":"2013-10-09T05:20:33","guid":{"rendered":"http:\/\/www.naturpark-kallenborn.de\/?page_id=167"},"modified":"2022-07-26T18:22:42","modified_gmt":"2022-07-26T16:22:42","slug":"naturpark-kallenborn-2","status":"publish","type":"page","link":"https:\/\/www.naturpark-kallenborn.de\/?page_id=167","title":{"rendered":"Naturpark Kallenborn"},"content":{"rendered":"<p>Im Distrikt \u201eKallenborn\u201c wurden bereits im Jahr 1966 auf Veran<a href=\"https:\/\/www.naturpark-kallenborn.de\/wp-content\/uploads\/2022\/07\/20220602_192401-scaled.jpg\"><img loading=\"lazy\" class=\"wp-image-781 alignleft\" src=\"https:\/\/www.naturpark-kallenborn.de\/wp-content\/uploads\/2022\/07\/20220602_192401-300x225.jpg\" alt=\"\" width=\"394\" height=\"295\" data-id=\"781\" srcset=\"https:\/\/www.naturpark-kallenborn.de\/wp-content\/uploads\/2022\/07\/20220602_192401-300x225.jpg 300w, https:\/\/www.naturpark-kallenborn.de\/wp-content\/uploads\/2022\/07\/20220602_192401-1024x768.jpg 1024w, https:\/\/www.naturpark-kallenborn.de\/wp-content\/uploads\/2022\/07\/20220602_192401-768x576.jpg 768w, https:\/\/www.naturpark-kallenborn.de\/wp-content\/uploads\/2022\/07\/20220602_192401-1536x1152.jpg 1536w, https:\/\/www.naturpark-kallenborn.de\/wp-content\/uploads\/2022\/07\/20220602_192401-2048x1536.jpg 2048w, https:\/\/www.naturpark-kallenborn.de\/wp-content\/uploads\/2022\/07\/20220602_192401-640x480.jpg 640w\" sizes=\"(max-width: 394px) 100vw, 394px\" \/><\/a>lassung des damaligen B\u00fcrgermeisters von den Vorst\u00e4nden der Ortsvereine Zugangs- und Wanderwege angelegt. Ziel der Veranlasser war die Herrichtung der Kallenborner Schlucht als Naherholungszentrum f\u00fcr die Bewohner des Dorfes sowie des ganzen oberen K\u00f6llertals. Nach z\u00e4hen Verhandlungen mit den verschiedensten Stellen und Beh\u00f6rden gab es 1972 gr\u00fcnes Licht f\u00fcr den wichtigsten Bauabschnitt, n\u00e4mlich den Bau der Weiheranlage, des Wildgeheges und der Fasanerie. Nach kurzer Zeit waren bereits Schw\u00e4ne auf dem Weiher, Damwild im Gehege und 20 verschiedene Fasane in den Voli\u00e8ren, Besucher konnten sich in einem Kneipp-Tretbecken erfrischen und in einer Holzh\u00fctte Schutz finden vor schlechtem Wetter.<\/p>\n<p>Mit Hilfe des THW Heusweiler war auch schon eine Holzbr\u00fccke \u00fcber die Kallenborner Schlucht <a href=\"https:\/\/www.naturpark-kallenborn.de\/wp-content\/uploads\/2022\/07\/20220602_193027-scaled.jpg\"><img loading=\"lazy\" class=\"alignright wp-image-782\" src=\"https:\/\/www.naturpark-kallenborn.de\/wp-content\/uploads\/2022\/07\/20220602_193027-300x225.jpg\" alt=\"\" width=\"407\" height=\"305\" data-id=\"782\" srcset=\"https:\/\/www.naturpark-kallenborn.de\/wp-content\/uploads\/2022\/07\/20220602_193027-300x225.jpg 300w, https:\/\/www.naturpark-kallenborn.de\/wp-content\/uploads\/2022\/07\/20220602_193027-1024x768.jpg 1024w, https:\/\/www.naturpark-kallenborn.de\/wp-content\/uploads\/2022\/07\/20220602_193027-768x576.jpg 768w, https:\/\/www.naturpark-kallenborn.de\/wp-content\/uploads\/2022\/07\/20220602_193027-1536x1152.jpg 1536w, https:\/\/www.naturpark-kallenborn.de\/wp-content\/uploads\/2022\/07\/20220602_193027-2048x1536.jpg 2048w, https:\/\/www.naturpark-kallenborn.de\/wp-content\/uploads\/2022\/07\/20220602_193027-640x480.jpg 640w\" sizes=\"(max-width: 407px) 100vw, 407px\" \/><\/a>gespannt. Alle Arbeiten zur Errichtung der Anlage ausgenommen die Weiheranlage wurden von der Dorfgemeinschaft in eigener Regie ausgef\u00fchrt. Mit dem Anwachsen der Besucherzahlen nach der \u00dcbergabe der Anlage im Jahre 1973 wuchs auch der Aufwand f\u00fcr Hege und Pflege. Ab seiner Gr\u00fcndung am 27. Oktober 1973 \u00fcbernahm der \u201eVerein zur F\u00f6rderung der Naherholung und des Naturschutzes e.V.\u201c \u2013 kurz F\u00f6rderverein \u2013 diese Aufgaben.<br \/>\nEinen sch\u00f6nen, gut ausgebauten Waldspielplatz errichtete die Dorfgemeinschaft im Jahr 1979 unter Federf\u00fchrung des F\u00f6rdervereins und Mitwirkung aller Ortsvereine im Naherholungsgebiet, der nicht nur von der Dorfjugend sehr schnell und gut angenommen wurde, sondern auch viele \u00fcber\u00f6rtliche Besucher mit Kindern noch heute zum Wiederkommen veranlasst.<br \/>\nViele Vereinsfeste fanden in dieser herrlichen Kulisse statt. Schon bald war der Bau eines festen Hauses sowohl f\u00fcr Vereinsfeste als auch f\u00fcr immer gr\u00f6\u00dfere Besucherzahlen erforderlich, um Schutz vor Wind und Wetter und gr\u00f6\u00dfere Lagerm\u00f6glichkeiten bieten zu k\u00f6nnen. Mit der \u00dcbergabe des Hauses Kallenborn im Jahre 1983 war die Aufbauphase im Kallenborn abgeschlossen. Das Haus bietet etwa 60 G\u00e4sten Platz. Es ist in Holzbauweise auf einem steinernen Untergeschoss f\u00fcr Funktionsr\u00e4ume errichtet. Ein umlaufender \u00fcberdachter Balkon mit einer kleinen \u00fcberdachten Terrasse sind die verbindenden Elemente vom Innenraum nach au\u00dfen zur freien Natur.<a href=\"https:\/\/www.naturpark-kallenborn.de\/wp-content\/uploads\/2022\/07\/20220602_191955-scaled.jpg\"><img loading=\"lazy\" class=\"wp-image-784 alignright\" src=\"https:\/\/www.naturpark-kallenborn.de\/wp-content\/uploads\/2022\/07\/20220602_191955-225x300.jpg\" alt=\"\" width=\"305\" height=\"406\" data-id=\"784\" srcset=\"https:\/\/www.naturpark-kallenborn.de\/wp-content\/uploads\/2022\/07\/20220602_191955-225x300.jpg 225w, https:\/\/www.naturpark-kallenborn.de\/wp-content\/uploads\/2022\/07\/20220602_191955-768x1024.jpg 768w, https:\/\/www.naturpark-kallenborn.de\/wp-content\/uploads\/2022\/07\/20220602_191955-1152x1536.jpg 1152w, https:\/\/www.naturpark-kallenborn.de\/wp-content\/uploads\/2022\/07\/20220602_191955-1536x2048.jpg 1536w, https:\/\/www.naturpark-kallenborn.de\/wp-content\/uploads\/2022\/07\/20220602_191955-640x853.jpg 640w, https:\/\/www.naturpark-kallenborn.de\/wp-content\/uploads\/2022\/07\/20220602_191955-scaled.jpg 1920w\" sizes=\"(max-width: 305px) 100vw, 305px\" \/><\/a><\/p>\n<p>Von Anfang an arbeiten F\u00f6rderverein und Gemeinde zur Erhaltung der Anlage, auch bei der Bew\u00e4ltigung von Sturm- und Bergsch\u00e4den, Hand in Hand. J\u00e4hrlich leisten die Mitglieder des Vereins freiwillig ca. 3000 Stunden Dienst. Aus dem Erl\u00f6s der Bewirtung im Haus Kallenborn sind seit 1990 etwa 130 TDM in die Anlage r\u00fcckinvestiert worden.<\/p>\n<p><span style=\"font-size: revert; color: initial;\">F\u00fcr die Bewohner des K\u00f6llertals ist das Naherholungsgebiet Kallenborn mit seinen Freizeit-angeboten f\u00fcr Jung und Alt eine Ruhe- und Erholungszone von besonderer Art in kurzfristig erreichbarer Entfernung geworden, das sie immer wieder gern besuchen. Die hohen Besucherzahlen zeigen aber auch, dass sich das Einzugsgebiet der G\u00e4ste \u00fcber das ganze Saarland verteilt.<\/span><\/p>\n","protected":false},"excerpt":{"rendered":"<p>Im Distrikt \u201eKallenborn\u201c wurden bereits im Jahr 1966 auf Veranlassung des damaligen B\u00fcrgermeisters von den Vorst\u00e4nden der Ortsvereine Zugangs- und Wanderwege angelegt. Ziel der Veranlasser war die Herrichtung der Kallenborner Schlucht als Naherholungszentrum f\u00fcr die Bewohner des Dorfes sowie des ganzen oberen K\u00f6llertals. Nach z\u00e4hen Verhandlungen mit den verschiedensten Stellen und Beh\u00f6rden gab es 1972 [&hellip;]<\/p>\n","protected":false},"author":1,"featured_media":0,"parent":0,"menu_order":0,"comment_status":"closed","ping_status":"closed","template":"","meta":[],"_links":{"self":[{"href":"https:\/\/www.naturpark-kallenborn.de\/index.php?rest_route=\/wp\/v2\/pages\/167"}],"collection":[{"href":"https:\/\/www.naturpark-kallenborn.de\/index.php?rest_route=\/wp\/v2\/pages"}],"about":[{"href":"https:\/\/www.naturpark-kallenborn.de\/index.php?rest_route=\/wp\/v2\/types\/page"}],"author":[{"embeddable":true,"href":"https:\/\/www.naturpark-kallenborn.de\/index.php?rest_route=\/wp\/v2\/users\/1"}],"replies":[{"embeddable":true,"href":"https:\/\/www.naturpark-kallenborn.de\/index.php?rest_route=%2Fwp%2Fv2%2Fcomments&post=167"}],"version-history":[{"count":6,"href":"https:\/\/www.naturpark-kallenborn.de\/index.php?rest_route=\/wp\/v2\/pages\/167\/revisions"}],"predecessor-version":[{"id":785,"href":"https:\/\/www.naturpark-kallenborn.de\/index.php?rest_route=\/wp\/v2\/pages\/167\/revisions\/785"}],"wp:attachment":[{"href":"https:\/\/www.naturpark-kallenborn.de\/index.php?rest_route=%2Fwp%2Fv2%2Fmedia&parent=167"}],"curies":[{"name":"wp","href":"https:\/\/api.w.org\/{rel}","templated":true}]}}